{"id":10071,"date":"2023-12-20T16:03:27","date_gmt":"2023-12-20T16:03:27","guid":{"rendered":"https:\/\/ilovepm.com\/?post_type=listing&#038;p=10071"},"modified":"2023-12-28T18:01:07","modified_gmt":"2023-12-28T18:01:07","slug":"raices-del-cielo","status":"publish","type":"listing","link":"https:\/\/ilovepm.com\/en\/listing\/raices-del-cielo\/","title":{"rendered":"Ra\u00edces del Cielo"},"content":{"rendered":"<p>En este Oasis Hol\u00edstico, situado en el coraz\u00f3n de la Selva Maya, encontrar\u00e1s una atm\u00f3sfera de paz y armon\u00eda que la hermosa naturaleza nos regala.&nbsp;<\/p>\n\n\n\n<p>Un enigm\u00e1tico y m\u00e1gico lugar con una extensa variedad de senderos donde te sentir\u00e1s curioso por descubrir las maravillas de la extensa biodiversidad del ambiente. Aqu\u00ed encontrar\u00e1s un espacio perfecto para un encuentro contigo mismo.&nbsp;<\/p>\n\n\n\n<p>Cuentan con hermosos y \u00fanicos alojamientos creados de piedra y madera en plena concordancia con el entorno. Adem\u00e1s de un sal\u00f3n equipado para que lleves a cabo tus cursos, talleres, conferencias, as\u00ed como una sala de madera en donde podr\u00e1s realizar tus sesiones de meditaci\u00f3n, clases de yoga, sanaci\u00f3n con sonido y mucho m\u00e1s&#8230; Todo lo que necesitas para realizar tus retiros espirituales, de yoga, bienestar, alimentaci\u00f3n consciente, evoluci\u00f3n humana, en pleno contacto con la madre naturaleza.&nbsp;<\/p>\n\n\n\n<p>Tambi\u00e9n tienen una hermosa alberca de agua natural extra\u00edda directamente del sistema de cenotes subterr\u00e1neo que recorre la zona, ubicada en el \u00e1rea de Temazcal donde tambi\u00e9n podr\u00e1s organizar tus ceremonias privadas.<\/p>\n\n\n\n<p>Su concepto gastron\u00f3mico es dejarse sorprender por los deliciosos platillos que el Chef preparar\u00e1 especialmente para ti, en base a tus preferencias, creando un men\u00fa&nbsp; especial para cada ocasi\u00f3n: desayuno con amigos, comidas familiares, reuniones, celebraciones, cena rom\u00e1ntica y m\u00e1s.&nbsp;<\/p>\n\n\n\n<p>Ra\u00edces del Cielo es un oasis hol\u00edstico donde tus necesidades corporales, emocionales y espirituales encontrar\u00e1n lo que necesitan.&nbsp;<\/p>","protected":false},"excerpt":{"rendered":"<p>En este Oasis Hol\u00edstico, situado en el coraz\u00f3n de la Selva Maya, encontrar\u00e1s una atm\u00f3sfera de paz y armon\u00eda que la hermosa naturaleza nos regala.&nbsp; Un enigm\u00e1tico y m\u00e1gico lugar con una extensa variedad de senderos donde te sentir\u00e1s curioso por descubrir las maravillas de la extensa biodiversidad del ambiente. Aqu\u00ed encontrar\u00e1s un espacio perfecto [&hellip;]<\/p>\n","protected":false},"featured_media":10082,"template":"","meta":{"site-sidebar-layout":"default","site-content-layout":"","ast-site-content-layout":"default","site-content-style":"default","site-sidebar-style":"default","ast-global-header-display":"","ast-banner-title-visibility":"","ast-main-header-display":"","ast-hfb-above-header-display":"","ast-hfb-below-header-display":"","ast-hfb-mobile-header-display":"","site-post-title":"","ast-breadcrumbs-content":"","ast-featured-img":"","footer-sml-layout":"","ast-disable-related-posts":"","theme-transparent-header-meta":"","adv-header-id-meta":"","stick-header-meta":"","header-above-stick-meta":"","header-main-stick-meta":"","header-below-stick-meta":"","astra-migrate-meta-layouts":"default","ast-page-background-enabled":"default","ast-page-background-meta":{"desktop":{"background-color":"var(--ast-global-color-4)","background-image":"","background-repeat":"repeat","background-position":"center center","background-size":"auto","background-attachment":"scroll","background-type":"","background-media":"","overlay-type":"","overlay-color":"","overlay-opacity":"","overlay-gradient":""},"tablet":{"background-color":"","background-image":"","background-repeat":"repeat","background-position":"center center","background-size":"auto","background-attachment":"scroll","background-type":"","background-media":"","overlay-type":"","overlay-color":"","overlay-opacity":"","overlay-gradient":""},"mobile":{"background-color":"","background-image":"","background-repeat":"repeat","background-position":"center center","background-size":"auto","background-attachment":"scroll","background-type":"","background-media":"","overlay-type":"","overlay-color":"","overlay-opacity":"","overlay-gradient":""}},"ast-content-background-meta":{"desktop":{"background-color":"var(--ast-global-color-5)","background-image":"","background-repeat":"repeat","background-position":"center center","background-size":"auto","background-attachment":"scroll","background-type":"","background-media":"","overlay-type":"","overlay-color":"","overlay-opacity":"","overlay-gradient":""},"tablet":{"background-color":"var(--ast-global-color-5)","background-image":"","background-repeat":"repeat","background-position":"center center","background-size":"auto","background-attachment":"scroll","background-type":"","background-media":"","overlay-type":"","overlay-color":"","overlay-opacity":"","overlay-gradient":""},"mobile":{"background-color":"var(--ast-global-color-5)","background-image":"","background-repeat":"repeat","background-position":"center center","background-size":"auto","background-attachment":"scroll","background-type":"","background-media":"","overlay-type":"","overlay-color":"","overlay-opacity":"","overlay-gradient":""}}},"categories":[94],"tags":[675,1528,695,1527,172,795,57],"class_list":["post-10071","listing","type-listing","status-publish","has-post-thumbnail","hentry","category-ruta-de-los-cenotes-living-travel","tag-cena","tag-chef","tag-desayuno","tag-holistico","tag-selva","tag-selva-maya","tag-yoga-en"],"_links":{"self":[{"href":"https:\/\/ilovepm.com\/en\/wp-json\/wp\/v2\/listing\/10071","targetHints":{"allow":["GET"]}}],"collection":[{"href":"https:\/\/ilovepm.com\/en\/wp-json\/wp\/v2\/listing"}],"about":[{"href":"https:\/\/ilovepm.com\/en\/wp-json\/wp\/v2\/types\/listing"}],"wp:featuredmedia":[{"embeddable":true,"href":"https:\/\/ilovepm.com\/en\/wp-json\/wp\/v2\/media\/10082"}],"wp:attachment":[{"href":"https:\/\/ilovepm.com\/en\/wp-json\/wp\/v2\/media?parent=10071"}],"wp:term":[{"taxonomy":"category","embeddable":true,"href":"https:\/\/ilovepm.com\/en\/wp-json\/wp\/v2\/categories?post=10071"},{"taxonomy":"post_tag","embeddable":true,"href":"https:\/\/ilovepm.com\/en\/wp-json\/wp\/v2\/tags?post=10071"}],"curies":[{"name":"wp","href":"https:\/\/api.w.org\/{rel}","templated":true}]}}